{"id":247,"date":"2020-01-28T13:38:01","date_gmt":"2020-01-28T12:38:01","guid":{"rendered":"http:\/\/wprt.home.pl\/autoinstalator\/wordpressplugins\/?page_id=247"},"modified":"2025-07-24T10:37:28","modified_gmt":"2025-07-24T08:37:28","slug":"komunikaty-dla-akcjonariuszy","status":"publish","type":"page","link":"https:\/\/www.wprt.com.pl\/autoinstalator\/wordpressplugins\/index.php\/budujemy-z-pasja-do-nowych-technologii\/o-firmie\/komunikaty-dla-akcjonariuszy\/","title":{"rendered":"Komunikaty dla Akcjonariuszy"},"content":{"rendered":"<p>W dniu 22-07-2025 na mocy decyzji Wsp\u00f3lnik\u00f3w, zgodnie z wpisem do KRS, Sp\u00f3\u0142ka pod nazw\u0105:<\/p>\n<p><strong>Warszawskie Przedsi\u0119biorstwo Rob\u00f3t Telekomunikacyjnych Sp\u00f3\u0142ka Akcyjna<\/strong><\/p>\n<p>zostaje przekszta\u0142cona w:<\/p>\n<p><strong>Warszawskie Przedsi\u0119biorstwo Rob\u00f3t Telekomunikacyjnych Sp\u00f3\u0142ka z ograniczon\u0105 odpowiedzialno\u015bci\u0105<\/strong>.<\/p>\n<p>&nbsp;<\/p>\n<hr \/>\n<p><span style=\"color: #0000ff;\"><strong>2025-03-05<\/strong><\/span><\/p>\n<p><a href=\"https:\/\/www.wprt.com.pl\/index.php\/2025\/03\/05\/walne-marzec-2025\/\"><strong>Og\u0142oszenie o zwo\u0142aniu Walnego Zgromadzenia Akcjonariuszy<\/strong><\/a><\/p>\n<p>Zarz\u0105d Warszawskiego Przedsi\u0119biorstwa Rob\u00f3t Telekomunikacyjnych S.A. zwo\u0142uje na dzie\u0144 19.03.2025 r. o godz. 11:00 w siedzibie Sp\u00f3\u0142ki w Warszawie przy ul. Emaliowej 9.<\/p>\n<p><strong><a href=\"https:\/\/www.wprt.com.pl\/index.php\/2025\/03\/05\/walne-marzec-2025\/\">Czytaj dalej &gt;&gt;&gt;<\/a><\/strong><\/p>\n<p>&nbsp;<\/p>\n<hr \/>\n<p><span style=\"color: #ff0000;\"><strong>2024-06-05<\/strong><\/span><\/p>\n<p><a href=\"https:\/\/www.wprt.com.pl\/index.php\/2024\/06\/05\/walne-czerwiec-2024\/\"><strong>Og\u0142oszenie o zwo\u0142aniu Walnego Zgromadzenia Akcjonariuszy<\/strong><\/a><\/p>\n<p>Zarz\u0105d Warszawskiego Przedsi\u0119biorstwa Rob\u00f3t Telekomunikacyjnych S.A. zwo\u0142uje na dzie\u0144 26.06.2024 r. o godz. 11:00 w siedzibie Sp\u00f3\u0142ki w Warszawie przy ul. Emaliowej 9.<\/p>\n<p><strong><a href=\"https:\/\/www.wprt.com.pl\/index.php\/2024\/06\/05\/walne-czerwiec-2024\/\">Czytaj dalej &gt;&gt;&gt;<\/a><\/strong><\/p>\n<p>&nbsp;<\/p>\n<hr \/>\n<p><span style=\"color: #333399;\"><strong>2023-10-03<\/strong><\/span><\/p>\n<p><a href=\"https:\/\/www.wprt.com.pl\/index.php\/2023\/10\/03\/wykup-akcji\/\"><strong>Informacja dla Akcjonariuszy mniejszo\u015bciowych obj\u0119tych przymusowym wykupem akcji<\/strong><\/a><\/p>\n<p>Zarz\u0105d Warszawskiego Przedsi\u0119biorstwa Rob\u00f3t Telekomunikacyjnych S.A. informuje, \u017ce dnia 03.10.2023 r. ukaza\u0142o si\u0119 w Monitorze S\u0105dowym i Gospodarczym 191\/2023 (6842) str. 13-14 og\u0142oszenie dotycz\u0105ce przymusowego wykupu akcji Akcjonariuszy mniejszo\u015bciowych.<\/p>\n<p><strong><a href=\"https:\/\/www.wprt.com.pl\/index.php\/2023\/10\/03\/wykup-akcji\/\">Czytaj dalej &gt;&gt;&gt;<\/a><\/strong><\/p>\n<p>&nbsp;<\/p>\n<hr \/>\n<p><span style=\"color: #000000;\"><strong>2023-08-29<\/strong><\/span><\/p>\n<p><a href=\"https:\/\/www.wprt.com.pl\/index.php\/2023\/08\/29\/walne-wrzesien-2023\/\"><strong>Og\u0142oszenie o zwo\u0142aniu Nadzwyczajnego Walnego Zgromadzenia Akcjonariuszy<\/strong><\/a><\/p>\n<p>Zarz\u0105d Warszawskiego Przedsi\u0119biorstwa Rob\u00f3t Telekomunikacyjnych S.A. zwo\u0142uje na dzie\u0144 20.09.2023 r. o godz. 11:00 w siedzibie Sp\u00f3\u0142ki w Warszawie przy ul. Emaliowej 9.<\/p>\n<p><strong><a href=\"https:\/\/www.wprt.com.pl\/index.php\/2023\/08\/29\/walne-wrzesien-2023\/\">Czytaj dalej &gt;&gt;&gt;<\/a><\/strong><\/p>\n<hr \/>\n<p><span style=\"color: #0000ff;\"><strong>2023-05-29<\/strong><\/span><\/p>\n<p><a href=\"https:\/\/www.wprt.com.pl\/index.php\/2023\/05\/29\/walne-czerwiec-2023\/\"><strong>Og\u0142oszenie o zwo\u0142aniu Walnego Zgromadzenia Akcjonariuszy<\/strong><\/a><\/p>\n<p>Zarz\u0105d Warszawskiego Przedsi\u0119biorstwa Rob\u00f3t Telekomunikacyjnych S.A. zwo\u0142uje na dzie\u0144 30.06.2023 r. o godz. 11:00 w siedzibie Sp\u00f3\u0142ki w Warszawie przy ul. Emaliowej 9.<\/p>\n<p><strong><a href=\"https:\/\/www.wprt.com.pl\/index.php\/2023\/05\/29\/walne-czerwiec-2023\/\">Czytaj dalej &gt;&gt;&gt;<\/a><\/strong><\/p>\n<hr \/>\n<p><strong><span style=\"color: #0000ff;\">2022-09-03<\/span><br \/>\n<\/strong><\/p>\n<p><a href=\"https:\/\/www.wprt.com.pl\/autoinstalator\/wordpressplugins\/index.php\/2022\/09\/03\/walne-wrzesien-2022\/\"><strong>Og\u0142oszenie o zwo\u0142aniu Walnego Zgromadzenia Akcjonariuszy<\/strong><\/a><\/p>\n<p>Zarz\u0105d Warszawskiego Przedsi\u0119biorstwa Rob\u00f3t Telekomunikacyjnych S.A. zwo\u0142uje na dzie\u0144 29.09.2022 r. o godz. 13:00 w siedzibie Sp\u00f3\u0142ki w Warszawie przy ul. Emaliowej 9.<\/p>\n<p><strong><a href=\"https:\/\/www.wprt.com.pl\/autoinstalator\/wordpressplugins\/index.php\/2022\/09\/03\/walne-wrzesien-2022\/\">Czytaj dalej &gt;&gt;&gt;<\/a><\/strong><\/p>\n<hr \/>\n<p><strong><span style=\"color: #0000ff;\">2021-09-03<\/span><br \/>\n<\/strong><\/p>\n<p><a href=\"http:\/\/www.wprt.com.pl\/index.php\/2021\/09\/03\/ogloszenie-o-zwolaniu-walnego-zgromadzenia-akcjonariuszy\/\"><strong>Og\u0142oszenie o zwo\u0142aniu Walnego Zgromadzenia Akcjonariuszy<\/strong><\/a><\/p>\n<p>Zarz\u0105d Warszawskiego Przedsi\u0119biorstwa Rob\u00f3t Telekomunikacyjnych S.A. zwo\u0142uje na dzie\u0144 29.09.2021 r. o godz. 13:00 w siedzibie Sp\u00f3\u0142ki w Warszawie przy ul. Zabranieckiej 8.<\/p>\n<p><strong><a href=\"http:\/\/www.wprt.com.pl\/index.php\/2021\/09\/03\/ogloszenie-o-zwolaniu-walnego-zgromadzenia-akcjonariuszy\/\">Czytaj dalej &gt;&gt;&gt;<\/a><\/strong><\/p>\n<hr \/>\n<p><strong><span style=\"color: #0000ff;\">2021-01-19<\/span><br \/>\n<\/strong><\/p>\n<p><a href=\"http:\/\/www.wprt.com.pl\/index.php\/2021\/01\/19\/piate-wezwanie\/\"><strong>Pi\u0105te wezwanie do z\u0142o\u017cenia dokument\u00f3w akcji.<\/strong><\/a><\/p>\n<p>Zarz\u0105d Warszawskiego Przedsi\u0119biorstwa Rob\u00f3t Telekomunikacyjnych S.A. informuje \u017ce <strong>po raz pi\u0105ty <\/strong>wzywa Akcjonariuszy do stawienia si\u0119 w siedzibie Sp\u00f3\u0142ki w celu z\u0142o\u017cenia dokument\u00f3w akcji.<\/p>\n<p><strong><a href=\"http:\/\/www.wprt.com.pl\/index.php\/2021\/01\/19\/piate-wezwanie\/\">Czytaj dalej &gt;&gt;&gt;<\/a><\/strong><\/p>\n<hr \/>\n<p><strong><span style=\"color: #0000ff;\">2020-12-22<\/span><br \/>\n<\/strong><\/p>\n<p><a href=\"http:\/\/www.wprt.com.pl\/index.php\/2020\/12\/22\/czwarte-wezwanie\/\"><strong>Czwarte wezwanie do z\u0142o\u017cenia dokument\u00f3w akcji.<\/strong><\/a><\/p>\n<p>Zarz\u0105d Warszawskiego Przedsi\u0119biorstwa Rob\u00f3t Telekomunikacyjnych S.A. informuje \u017ce <strong>po raz czwarty <\/strong>wzywa Akcjonariuszy do stawienia si\u0119 w siedzibie Sp\u00f3\u0142ki w celu z\u0142o\u017cenia dokument\u00f3w akcji.<\/p>\n<p><strong><a href=\"http:\/\/www.wprt.com.pl\/index.php\/2020\/12\/22\/czwarte-wezwanie\/\">Czytaj dalej &gt;&gt;&gt;<\/a><\/strong><\/p>\n<p><!--more--><\/p>\n<hr \/>\n<p><strong><span style=\"color: #0000ff;\">2020-11-26<\/span><br \/>\n<\/strong><\/p>\n<p><a href=\"http:\/\/www.wprt.com.pl\/index.php\/2020\/11\/26\/trzecie-wezwanie-do-zlozenia-dokumentow-akcji\/\"><strong>Trzecie wezwanie do z\u0142o\u017cenia dokument\u00f3w akcji.<\/strong><\/a><\/p>\n<p>Zarz\u0105d Warszawskiego Przedsi\u0119biorstwa Rob\u00f3t Telekomunikacyjnych S.A. informuje \u017ce <strong>po raz trzeci <\/strong>wzywa Akcjonariuszy do stawienia si\u0119 w siedzibie Sp\u00f3\u0142ki w celu z\u0142o\u017cenia dokument\u00f3w akcji.<\/p>\n<p><strong><a href=\"http:\/\/www.wprt.com.pl\/index.php\/2020\/11\/26\/trzecie-wezwanie-do-zlozenia-dokumentow-akcji\/\">Czytaj dalej &gt;&gt;&gt;<\/a><\/strong><\/p>\n<p><!--more--><\/p>\n<hr \/>\n<p><strong><span style=\"color: #0000ff;\">2020-10-29<\/span><br \/>\n<\/strong><\/p>\n<p><a href=\"http:\/\/www.wprt.com.pl\/index.php\/2020\/10\/29\/drugie-wezwanie-do-zlozenia-dokumentow-akcji\/\"><strong>Drugie wezwanie do z\u0142o\u017cenia dokument\u00f3w akcji.<\/strong><\/a><\/p>\n<p>Zarz\u0105d Warszawskiego Przedsi\u0119biorstwa Rob\u00f3t Telekomunikacyjnych S.A. informuje \u017ce <strong>po raz drugi<\/strong> wzywa Akcjonariuszy do stawienia si\u0119 w siedzibie Sp\u00f3\u0142ki w celu z\u0142o\u017cenia dokument\u00f3w akcji.<\/p>\n<p><strong><a href=\"http:\/\/www.wprt.com.pl\/index.php\/2020\/10\/29\/drugie-wezwanie-do-zlozenia-dokumentow-akcji\/\">Czytaj dalej &gt;&gt;&gt;<\/a><\/strong><\/p>\n<p><!--more--><\/p>\n<hr \/>\n<p><span style=\"color: #0000ff;\"><strong><span style=\"color: #0000ff;\">2020-09-30<\/span><br \/>\n<\/strong><\/span><\/p>\n<p><a href=\"http:\/\/www.wprt.com.pl\/index.php\/2020\/09\/30\/pierwsze-wezwanie-do-zlozenia-dokumentow-akcji\/\"><strong><span style=\"color: #000000;\">Pierwsze wezwanie do z\u0142o\u017cenia dokument\u00f3w akcji.<\/span><\/strong><\/a><\/p>\n<p>Zarz\u0105d Warszawskiego Przedsi\u0119biorstwa Rob\u00f3t Telekomunikacyjnych S.A. informuje \u017ce <strong>po raz pierwszy<\/strong> wzywa Akcjonariuszy do stawienia si\u0119 w siedzibie Sp\u00f3\u0142ki w celu z\u0142o\u017cenia dokument\u00f3w akcji.<\/p>\n<p><strong><a href=\"http:\/\/www.wprt.com.pl\/index.php\/2020\/09\/30\/pierwsze-wezwanie-do-zlozenia-dokumentow-akcji\/\">Czytaj dalej &gt;&gt;&gt;<\/a><\/strong><\/p>\n<p><!--more--><\/p>\n<hr \/>\n<p><span style=\"color: #0000ff;\"><strong><span style=\"color: #0000ff;\">2020-09-01<\/span><br \/>\n<\/strong><\/span><\/p>\n<p><a href=\"http:\/\/www.wprt.com.pl\/index.php\/2020\/09\/01\/walne-zgromadzenie-akcjonariuszy\/\"><strong>Og\u0142oszenie o zwo\u0142aniu Walnego Zgromadzenia Akcjonariuszy Sp\u00f3\u0142ki<\/strong><\/a><\/p>\n<p>Zarz\u0105d Warszawskiego Przedsi\u0119biorstwa Rob\u00f3t Telekomunikacyjnych S.A. informuje \u017ce zwo\u0142a\u0142 Zwyczajne Walne Zgromadzenie kt\u00f3re odb\u0119dzie si\u0119 w dniu 29 wrze\u015bnia 2020 r. o godzinie 14:00 w siedzibie Sp\u00f3\u0142ki w Warszawie.<\/p>\n<p><strong><a href=\"http:\/\/www.wprt.com.pl\/index.php\/2020\/09\/01\/walne-zgromadzenie-akcjonariuszy\/\">Czytaj dalej &gt;&gt;&gt;<\/a><\/strong><!--more--><\/p>\n<hr \/>\n<p>&nbsp;<\/p>\n","protected":false},"excerpt":{"rendered":"<p>W dniu 22-07-2025 na mocy decyzji Wsp\u00f3lnik\u00f3w, zgodnie z wpisem do KRS, Sp\u00f3\u0142ka pod nazw\u0105: Warszawskie Przedsi\u0119biorstwo Rob\u00f3t Telekomunikacyjnych Sp\u00f3\u0142ka Akcyjna zostaje przekszta\u0142cona w: Warszawskie Przedsi\u0119biorstwo Rob\u00f3t Telekomunikacyjnych Sp\u00f3\u0142ka z ograniczon\u0105 odpowiedzialno\u015bci\u0105. &nbsp; 2025-03-05 Og\u0142oszenie o zwo\u0142aniu Walnego Zgromadzenia Akcjonariuszy Zarz\u0105d Warszawskiego Przedsi\u0119biorstwa Rob\u00f3t Telekomunikacyjnych S.A. zwo\u0142uje na dzie\u0144 19.03.2025 r. o godz. 11:00 w [&hellip;]<\/p>\n","protected":false},"author":1,"featured_media":0,"parent":31,"menu_order":0,"comment_status":"closed","ping_status":"closed","template":"","meta":{"footnotes":""},"class_list":["post-247","page","type-page","status-publish","hentry"],"_links":{"self":[{"href":"https:\/\/www.wprt.com.pl\/autoinstalator\/wordpressplugins\/index.php\/wp-json\/wp\/v2\/pages\/247","targetHints":{"allow":["GET"]}}],"collection":[{"href":"https:\/\/www.wprt.com.pl\/autoinstalator\/wordpressplugins\/index.php\/wp-json\/wp\/v2\/pages"}],"about":[{"href":"https:\/\/www.wprt.com.pl\/autoinstalator\/wordpressplugins\/index.php\/wp-json\/wp\/v2\/types\/page"}],"author":[{"embeddable":true,"href":"https:\/\/www.wprt.com.pl\/autoinstalator\/wordpressplugins\/index.php\/wp-json\/wp\/v2\/users\/1"}],"replies":[{"embeddable":true,"href":"https:\/\/www.wprt.com.pl\/autoinstalator\/wordpressplugins\/index.php\/wp-json\/wp\/v2\/comments?post=247"}],"version-history":[{"count":27,"href":"https:\/\/www.wprt.com.pl\/autoinstalator\/wordpressplugins\/index.php\/wp-json\/wp\/v2\/pages\/247\/revisions"}],"predecessor-version":[{"id":1065,"href":"https:\/\/www.wprt.com.pl\/autoinstalator\/wordpressplugins\/index.php\/wp-json\/wp\/v2\/pages\/247\/revisions\/1065"}],"up":[{"embeddable":true,"href":"https:\/\/www.wprt.com.pl\/autoinstalator\/wordpressplugins\/index.php\/wp-json\/wp\/v2\/pages\/31"}],"wp:attachment":[{"href":"https:\/\/www.wprt.com.pl\/autoinstalator\/wordpressplugins\/index.php\/wp-json\/wp\/v2\/media?parent=247"}],"curies":[{"name":"wp","href":"https:\/\/api.w.org\/{rel}","templated":true}]}}